{"id":10,"date":"2025-06-04T19:37:09","date_gmt":"2025-06-04T19:37:09","guid":{"rendered":"https:\/\/plasticrio.com\/?page_id=10"},"modified":"2025-10-09T13:29:14","modified_gmt":"2025-10-09T13:29:14","slug":"dr-alexandre","status":"publish","type":"page","link":"https:\/\/plasticrio.com\/en_us\/dr-alexandre\/","title":{"rendered":"Dr. Alexandre"},"content":{"rendered":"<div data-elementor-type=\"wp-page\" data-elementor-id=\"10\" class=\"elementor elementor-10\" data-elementor-post-type=\"page\">\n\t\t\t\t<div class=\"elementor-element elementor-element-577d80e e-flex e-con-boxed e-con e-parent\" data-id=\"577d80e\" data-element_type=\"container\" data-e-type=\"container\" data-settings=\"{&quot;background_background&quot;:&quot;classic&quot;}\">\n\t\t\t\t\t<div class=\"e-con-inner\">\n\t\t\t\t<div class=\"elementor-element elementor-element-794e2ae elementor-widget elementor-widget-image\" data-id=\"794e2ae\" data-element_type=\"widget\" data-e-type=\"widget\" data-widget_type=\"image.default\">\n\t\t\t\t<div class=\"elementor-widget-container\">\n\t\t\t\t\t\t\t\t\t\t\t\t\t\t\t<img decoding=\"async\" width=\"399\" height=\"98\" src=\"https:\/\/plasticrio.com\/wp-content\/uploads\/2025\/07\/logo-charao_branco.svg\" class=\"attachment-full size-full wp-image-273\" alt=\"\" \/>\t\t\t\t\t\t\t\t\t\t\t\t\t\t\t<\/div>\n\t\t\t\t<\/div>\n\t\t\t\t<div class=\"elementor-element elementor-element-96936e3 elementor-widget elementor-widget-heading\" data-id=\"96936e3\" data-element_type=\"widget\" data-e-type=\"widget\" data-widget_type=\"heading.default\">\n\t\t\t\t<div class=\"elementor-widget-container\">\n\t\t\t\t\t<h2 class=\"elementor-heading-title elementor-size-default\">QUEM SOMOS<\/h2>\t\t\t\t<\/div>\n\t\t\t\t<\/div>\n\t\t\t\t\t<\/div>\n\t\t\t\t<\/div>\n\t\t<div class=\"elementor-element elementor-element-9840b23 e-flex e-con-boxed e-con e-parent\" data-id=\"9840b23\" data-element_type=\"container\" data-e-type=\"container\" data-settings=\"{&quot;background_background&quot;:&quot;classic&quot;}\">\n\t\t\t\t\t<div class=\"e-con-inner\">\n\t\t\t\t<div class=\"elementor-element elementor-element-f3dc9c6 elementor-widget elementor-widget-heading\" data-id=\"f3dc9c6\" data-element_type=\"widget\" data-e-type=\"widget\" data-widget_type=\"heading.default\">\n\t\t\t\t<div class=\"elementor-widget-container\">\n\t\t\t\t\t<h2 class=\"elementor-heading-title elementor-size-default\">Dr. Alexandre Char\u00e3o \u2013 Cirurgi\u00e3o Pl\u00e1stico\n<\/h2>\t\t\t\t<\/div>\n\t\t\t\t<\/div>\n\t\t\t\t<div class=\"elementor-element elementor-element-442bd54 elementor-widget elementor-widget-image\" data-id=\"442bd54\" data-element_type=\"widget\" data-e-type=\"widget\" data-widget_type=\"image.default\">\n\t\t\t\t<div class=\"elementor-widget-container\">\n\t\t\t\t\t\t\t\t\t\t\t\t\t\t\t<img fetchpriority=\"high\" decoding=\"async\" width=\"853\" height=\"1280\" src=\"https:\/\/plasticrio.com\/wp-content\/uploads\/2025\/07\/WhatsApp-Image-2025-06-16-at-14.05.41.jpeg\" class=\"attachment-full size-full wp-image-263\" alt=\"\" srcset=\"https:\/\/plasticrio.com\/wp-content\/uploads\/2025\/07\/WhatsApp-Image-2025-06-16-at-14.05.41.jpeg 853w, https:\/\/plasticrio.com\/wp-content\/uploads\/2025\/07\/WhatsApp-Image-2025-06-16-at-14.05.41-200x300.jpeg 200w, https:\/\/plasticrio.com\/wp-content\/uploads\/2025\/07\/WhatsApp-Image-2025-06-16-at-14.05.41-682x1024.jpeg 682w, https:\/\/plasticrio.com\/wp-content\/uploads\/2025\/07\/WhatsApp-Image-2025-06-16-at-14.05.41-768x1152.jpeg 768w\" sizes=\"(max-width: 853px) 100vw, 853px\" \/>\t\t\t\t\t\t\t\t\t\t\t\t\t\t\t<\/div>\n\t\t\t\t<\/div>\n\t\t\t\t<div class=\"elementor-element elementor-element-ef79b7c elementor-widget elementor-widget-text-editor\" data-id=\"ef79b7c\" data-element_type=\"widget\" data-e-type=\"widget\" data-widget_type=\"text-editor.default\">\n\t\t\t\t<div class=\"elementor-widget-container\">\n\t\t\t\t\t\t\t\t\t<p>Cirurgi\u00e3o Pl\u00e1stico formado em 1997, o Dr. Alexandre Char\u00e3o trabalha no Rio de Janeiro sendo a cirurgia est\u00e9tica facial e corporal sua principal \u00e1rea de atua\u00e7\u00e3o. Sua cl\u00ednica oferecem uma estrutura completa tanto para o pr\u00e9 quanto para o p\u00f3s-operat\u00f3rio. As cirurgias s\u00e3o realizadas em hospitais homologados pela ANVISA.<\/p>\t\t\t\t\t\t\t\t<\/div>\n\t\t\t\t<\/div>\n\t\t\t\t<div class=\"elementor-element elementor-element-e9f6c79 elementor-widget elementor-widget-text-editor\" data-id=\"e9f6c79\" data-element_type=\"widget\" data-e-type=\"widget\" data-widget_type=\"text-editor.default\">\n\t\t\t\t<div class=\"elementor-widget-container\">\n\t\t\t\t\t\t\t\t\t<p>Os procedimentos mais procurados s\u00e3o os de pr\u00f3tese de mama, lipoaspira\u00e7\u00e3o (convencional ou Laser), abdominoplastia e mamoplastia redutora. Uma \u00e1rea de especial interesse do Dr. Alexandre \u00e9 a rinoplastia.<\/p>\t\t\t\t\t\t\t\t<\/div>\n\t\t\t\t<\/div>\n\t\t\t\t<div class=\"elementor-element elementor-element-14b9ea4 elementor-widget elementor-widget-text-editor\" data-id=\"14b9ea4\" data-element_type=\"widget\" data-e-type=\"widget\" data-widget_type=\"text-editor.default\">\n\t\t\t\t<div class=\"elementor-widget-container\">\n\t\t\t\t\t\t\t\t\t<p>Mini Curr\u00edculo \u2013 Dr. Alexandre Char\u00e3o<\/p>\t\t\t\t\t\t\t\t<\/div>\n\t\t\t\t<\/div>\n\t\t\t\t<div class=\"elementor-element elementor-element-91126ae elementor-widget elementor-widget-text-editor\" data-id=\"91126ae\" data-element_type=\"widget\" data-e-type=\"widget\" data-widget_type=\"text-editor.default\">\n\t\t\t\t<div class=\"elementor-widget-container\">\n\t\t\t\t\t\t\t\t\t<p>Ap\u00f3s os seis anos de Gradua\u00e7\u00e3o em Medicina, o Dr. Alexandre Char\u00e3o realizou mais cinco anos de especializa\u00e7\u00e3o para obter o t\u00edtulo de especialista em Cirurgia Pl\u00e1stica. \u00c9 membro da Sociedade Brasileira de Cirurgia Pl\u00e1stica e participa ativamente dos Congressos e Simp\u00f3sios de atualiza\u00e7\u00e3o em Cirurgia Pl\u00e1stica.<\/p>\t\t\t\t\t\t\t\t<\/div>\n\t\t\t\t<\/div>\n\t\t\t\t<div class=\"elementor-element elementor-element-d5d52dd elementor-widget elementor-widget-text-editor\" data-id=\"d5d52dd\" data-element_type=\"widget\" data-e-type=\"widget\" data-widget_type=\"text-editor.default\">\n\t\t\t\t<div class=\"elementor-widget-container\">\n\t\t\t\t\t\t\t\t\t<p>Participa\u00e7\u00e3o no M\u00e9dicos Sem Fronteiras<\/p>\t\t\t\t\t\t\t\t<\/div>\n\t\t\t\t<\/div>\n\t\t\t\t<div class=\"elementor-element elementor-element-f0d4ce3 elementor-widget elementor-widget-text-editor\" data-id=\"f0d4ce3\" data-element_type=\"widget\" data-e-type=\"widget\" data-widget_type=\"text-editor.default\">\n\t\t\t\t<div class=\"elementor-widget-container\">\n\t\t\t\t\t\t\t\t\t<p>J\u00e1 realizou algumas miss\u00f5es filantr\u00f3picas com os M\u00e9dicos Sem Fronteiras, que lhe renderam diversas mat\u00e9rias e reportagens, culminando com o Pr\u00eamio O GLOBO \u201cFaz a Diferen\u00e7a\u201d, categoria Mundo, em 2006.<\/p>\t\t\t\t\t\t\t\t<\/div>\n\t\t\t\t<\/div>\n\t\t\t\t<div class=\"elementor-element elementor-element-8625f35 elementor-widget elementor-widget-text-editor\" data-id=\"8625f35\" data-element_type=\"widget\" data-e-type=\"widget\" data-widget_type=\"text-editor.default\">\n\t\t\t\t<div class=\"elementor-widget-container\">\n\t\t\t\t\t\t\t\t\t<p>Credenciamento na Rede D\u00b4Or<\/p>\t\t\t\t\t\t\t\t<\/div>\n\t\t\t\t<\/div>\n\t\t\t\t<div class=\"elementor-element elementor-element-cd6f16c elementor-widget elementor-widget-text-editor\" data-id=\"cd6f16c\" data-element_type=\"widget\" data-e-type=\"widget\" data-widget_type=\"text-editor.default\">\n\t\t\t\t<div class=\"elementor-widget-container\">\n\t\t\t\t\t\t\t\t\t<p>O Dr. Alexandre \u00e9 credenciado na Rede D\u00b4Or e trabalhou por dois anos no exterior, tendo recebido o Pr\u00eamio O GLOBO Faz Diferen\u00e7a em 2006 pelo conjunto de cirurgias realizadas fora do Brasil.<\/p>\t\t\t\t\t\t\t\t<\/div>\n\t\t\t\t<\/div>\n\t\t\t\t<div class=\"elementor-element elementor-element-814ed82 elementor-widget elementor-widget-text-editor\" data-id=\"814ed82\" data-element_type=\"widget\" data-e-type=\"widget\" data-widget_type=\"text-editor.default\">\n\t\t\t\t<div class=\"elementor-widget-container\">\n\t\t\t\t\t\t\t\t\t<p>Permaneceu por dois anos em S\u00e3o Paulo, na Escola Paulista de Medicina, atuando e se aprimorando no Setor de Cirurgia do Nariz. De volta ao Rio de Janeiro em 2008, entrou para a For\u00e7a A\u00e9rea Brasileira e inaugurou dois consult\u00f3rios. Em 2011 inaugurou sua cl\u00ednica no bairro de Laranjeiras, com f\u00e1cil acesso \u00e0 Zona Sul e Zona Norte do Rio de Janeiro.<\/p>\t\t\t\t\t\t\t\t<\/div>\n\t\t\t\t<\/div>\n\t\t\t\t<div class=\"elementor-element elementor-element-a0ff240 elementor-widget elementor-widget-text-editor\" data-id=\"a0ff240\" data-element_type=\"widget\" data-e-type=\"widget\" data-widget_type=\"text-editor.default\">\n\t\t\t\t<div class=\"elementor-widget-container\">\n\t\t\t\t\t\t\t\t\t<p>T\u00edtulo e Forma\u00e7\u00e3o<\/p>\t\t\t\t\t\t\t\t<\/div>\n\t\t\t\t<\/div>\n\t\t\t\t<div class=\"elementor-element elementor-element-d5ab564 elementor-widget elementor-widget-text-editor\" data-id=\"d5ab564\" data-element_type=\"widget\" data-e-type=\"widget\" data-widget_type=\"text-editor.default\">\n\t\t\t\t<div class=\"elementor-widget-container\">\n\t\t\t\t\t\t\t\t\t<ol><li>Membro da Sociedade Brasileira de Cirurgia Pl\u00e1stica<\/li><li>Gradua\u00e7\u00e3o em Medicina pela Universidade Federal do Paran\u00e1<\/li><li>Resid\u00eancia em Cirurgia Geral reconhecida pelo MEC e pelo Col\u00e9gio Brasileiro de Cirurgi\u00f5es<\/li><li>Resid\u00eancia em Cirurgia Pl\u00e1stica reconhecida pelo MEC e pela Sociedade Brasileira de Cirurgia Pl\u00e1stica<\/li><li>Membro da ONG francesa M\u00e9decins Sans Fronti\u00e8res<\/li><li>M\u00e9dico credenciado do Hospital Copa D\u00b4Or<\/li><li>P\u00f3s-Gradua\u00e7\u00e3o na Escola Paulista de Medicina (UNIFESP) \u2013 Servi\u00e7o de Cirurgia Pl\u00e1stica (2007 a 2008)<\/li><li>Est\u00e1gio de Reconstru\u00e7\u00e3o Mam\u00e1ria do Hospital P\u00e9rola Byngton \u2013 SP<\/li><li>Ex-oficial m\u00e9dico militar da For\u00e7a A\u00e9rea Brasileira<\/li><\/ol>\t\t\t\t\t\t\t\t<\/div>\n\t\t\t\t<\/div>\n\t\t\t\t<div class=\"elementor-element elementor-element-de34f34 elementor-widget elementor-widget-text-editor\" data-id=\"de34f34\" data-element_type=\"widget\" data-e-type=\"widget\" data-widget_type=\"text-editor.default\">\n\t\t\t\t<div class=\"elementor-widget-container\">\n\t\t\t\t\t\t\t\t\t<p>Foi m\u00e9dico militar por dois anos, tendo chefiado o Ambulat\u00f3rio de Cirurgia Pl\u00e1stica do Hospital Central da Aeron\u00e1utica no ano de 2010. Atualmente se dedica exclusivamente \u00e0 sua cl\u00ednica de Cirurgia Pl\u00e1stica, onde realiza as consultas de pr\u00e9 e p\u00f3s-operat\u00f3rio e pequenos procedimentos como o Botox.<\/p>\t\t\t\t\t\t\t\t<\/div>\n\t\t\t\t<\/div>\n\t\t\t\t<div class=\"elementor-element elementor-element-593aebb elementor-widget elementor-widget-text-editor\" data-id=\"593aebb\" data-element_type=\"widget\" data-e-type=\"widget\" data-widget_type=\"text-editor.default\">\n\t\t\t\t<div class=\"elementor-widget-container\">\n\t\t\t\t\t\t\t\t\t<p>Localiza\u00e7\u00e3o dos Consult\u00f3rios<\/p>\t\t\t\t\t\t\t\t<\/div>\n\t\t\t\t<\/div>\n\t\t\t\t<div class=\"elementor-element elementor-element-ac2d8eb elementor-widget elementor-widget-text-editor\" data-id=\"ac2d8eb\" data-element_type=\"widget\" data-e-type=\"widget\" data-widget_type=\"text-editor.default\">\n\t\t\t\t<div class=\"elementor-widget-container\">\n\t\t\t\t\t\t\t\t\t<p>A localiza\u00e7\u00e3o dos consult\u00f3rios de cirurgia pl\u00e1stica no Rio de Janeiro fica nos bairros de Laranjeiras (pr\u00f3ximo ao Largo do Machado) e no Centro do Rio e conta com Esteticistas, Fisioterapeutas e Nutricionista.<\/p>\t\t\t\t\t\t\t\t<\/div>\n\t\t\t\t<\/div>\n\t\t\t\t<div class=\"elementor-element elementor-element-8fa3253 elementor-widget elementor-widget-text-editor\" data-id=\"8fa3253\" data-element_type=\"widget\" data-e-type=\"widget\" data-widget_type=\"text-editor.default\">\n\t\t\t\t<div class=\"elementor-widget-container\">\n\t\t\t\t\t\t\t\t\t<p>Dias e hor\u00e1rios para o atendimento<\/p>\t\t\t\t\t\t\t\t<\/div>\n\t\t\t\t<\/div>\n\t\t\t\t<div class=\"elementor-element elementor-element-ef6da7d elementor-widget elementor-widget-text-editor\" data-id=\"ef6da7d\" data-element_type=\"widget\" data-e-type=\"widget\" data-widget_type=\"text-editor.default\">\n\t\t\t\t<div class=\"elementor-widget-container\">\n\t\t\t\t\t\t\t\t\t<p>O Dr. Alexandre atende \u00e0s ter\u00e7as e quintas das 9h \u00e0s 20h e tamb\u00e9m em alguns s\u00e1bados, quando a agenda est\u00e1 muito cheia. O agendamento \u00e9 feito pelo telefone (21) 99474-9160.<\/p>\t\t\t\t\t\t\t\t<\/div>\n\t\t\t\t<\/div>\n\t\t\t\t<div class=\"elementor-element elementor-element-9e74eb4 elementor-widget elementor-widget-text-editor\" data-id=\"9e74eb4\" data-element_type=\"widget\" data-e-type=\"widget\" data-widget_type=\"text-editor.default\">\n\t\t\t\t<div class=\"elementor-widget-container\">\n\t\t\t\t\t\t\t\t\t<p>As cirurgias pl\u00e1stica s\u00e3o realizadas \u00e0s segundas, quartas e sextas sempre na parte da manh\u00e3, pois neste hor\u00e1rio a equipe m\u00e9dica e de enfermagem est\u00e1 descansada e n\u00e3o ocorrem atrasos para o in\u00edcio das cirurgias pl\u00e1sticas.<\/p>\t\t\t\t\t\t\t\t<\/div>\n\t\t\t\t<\/div>\n\t\t\t\t<div class=\"elementor-element elementor-element-c261b1c elementor-widget elementor-widget-text-editor\" data-id=\"c261b1c\" data-element_type=\"widget\" data-e-type=\"widget\" data-widget_type=\"text-editor.default\">\n\t\t\t\t<div class=\"elementor-widget-container\">\n\t\t\t\t\t\t\t\t\t<p>Consulta inicial (primeira vez)<\/p>\t\t\t\t\t\t\t\t<\/div>\n\t\t\t\t<\/div>\n\t\t\t\t<div class=\"elementor-element elementor-element-178ab73 elementor-widget elementor-widget-text-editor\" data-id=\"178ab73\" data-element_type=\"widget\" data-e-type=\"widget\" data-widget_type=\"text-editor.default\">\n\t\t\t\t<div class=\"elementor-widget-container\">\n\t\t\t\t\t\t\t\t\t<p>Queremos ajudar nossos pacientes a realizar seus sonhos sempre seguindo todas as normas de seguran\u00e7a e com todas as etapas bem esclarecidas. Isto torna mais f\u00e1cil o processo de melhorar a auto-estima.<\/p>\t\t\t\t\t\t\t\t<\/div>\n\t\t\t\t<\/div>\n\t\t\t\t<div class=\"elementor-element elementor-element-5629252 elementor-widget elementor-widget-text-editor\" data-id=\"5629252\" data-element_type=\"widget\" data-e-type=\"widget\" data-widget_type=\"text-editor.default\">\n\t\t\t\t<div class=\"elementor-widget-container\">\n\t\t\t\t\t\t\t\t\t<p>Muitos pacientes protelam \u00e0 ida ao Cirurgi\u00e3o Pl\u00e1stico pois t\u00eam receio da cirurgia em si, do resultado, medo da anestesia ou at\u00e9 um conceito errado de que cirurgia pl\u00e1stica \u00e9 inalcan\u00e7\u00e1vel, muito caro, reservado para poucos. Todas estes receios s\u00e3o desfeitos quando se tem uma consulta cuidadosa, atenciosa, que dure pelo menos 01 hora.<\/p>\t\t\t\t\t\t\t\t<\/div>\n\t\t\t\t<\/div>\n\t\t\t\t<div class=\"elementor-element elementor-element-05c4812 elementor-widget elementor-widget-text-editor\" data-id=\"05c4812\" data-element_type=\"widget\" data-e-type=\"widget\" data-widget_type=\"text-editor.default\">\n\t\t\t\t<div class=\"elementor-widget-container\">\n\t\t\t\t\t\t\t\t\t<p>A primeira consulta sempre \u00e9 cobrada, dura 01 hora de atendimento e tem 3 etapas:<\/p>\t\t\t\t\t\t\t\t<\/div>\n\t\t\t\t<\/div>\n\t\t\t\t<div class=\"elementor-element elementor-element-220265b elementor-widget elementor-widget-text-editor\" data-id=\"220265b\" data-element_type=\"widget\" data-e-type=\"widget\" data-widget_type=\"text-editor.default\">\n\t\t\t\t<div class=\"elementor-widget-container\">\n\t\t\t\t\t\t\t\t\t<p>Na primeira, o Dr. Alexandre ouvir\u00e1 bastante a paciente, mostrar\u00e1 fotos de casos operados (antes e depois) e responder\u00e1 \u00e0s perguntas.<\/p>\t\t\t\t\t\t\t\t<\/div>\n\t\t\t\t<\/div>\n\t\t\t\t<div class=\"elementor-element elementor-element-d1a1c42 elementor-widget elementor-widget-text-editor\" data-id=\"d1a1c42\" data-element_type=\"widget\" data-e-type=\"widget\" data-widget_type=\"text-editor.default\">\n\t\t\t\t<div class=\"elementor-widget-container\">\n\t\t\t\t\t\t\t\t\t<p>O segundo passo \u00e9 o exame cl\u00ednico, para ver o problema, ver a qualidade da pele, quantidade de gordura, grau de flacidez muscular, entender o que o paciente quer, fazer algumas proje\u00e7\u00f5es de como vai ficar, desenhar onde ficar\u00e3o escondidas as cicatrizes etc..<\/p>\t\t\t\t\t\t\t\t<\/div>\n\t\t\t\t<\/div>\n\t\t\t\t<div class=\"elementor-element elementor-element-f2a74ed elementor-widget elementor-widget-text-editor\" data-id=\"f2a74ed\" data-element_type=\"widget\" data-e-type=\"widget\" data-widget_type=\"text-editor.default\">\n\t\t\t\t<div class=\"elementor-widget-container\">\n\t\t\t\t\t\t\t\t\t<p>Na terceira etapa, \u00e9 feito um planejamento cir\u00fargico individualizado. Depois disso s\u00e3o solicitados os exames pr\u00e9-operat\u00f3rios obrigat\u00f3rios e ser\u00e1 passada uma previs\u00e3o financeira ( pre\u00e7os para a cirurgia pl\u00e1stica ) que poder\u00e3o ser parcelados em at\u00e9 8 X.<\/p>\t\t\t\t\t\t\t\t<\/div>\n\t\t\t\t<\/div>\n\t\t\t\t<div class=\"elementor-element elementor-element-eb2e74e elementor-widget elementor-widget-text-editor\" data-id=\"eb2e74e\" data-element_type=\"widget\" data-e-type=\"widget\" data-widget_type=\"text-editor.default\">\n\t\t\t\t<div class=\"elementor-widget-container\">\n\t\t\t\t\t\t\t\t\t<p>Demais consultas de pr\u00e9-operat\u00f3rio<\/p>\t\t\t\t\t\t\t\t<\/div>\n\t\t\t\t<\/div>\n\t\t\t\t<div class=\"elementor-element elementor-element-e029db2 elementor-widget elementor-widget-text-editor\" data-id=\"e029db2\" data-element_type=\"widget\" data-e-type=\"widget\" data-widget_type=\"text-editor.default\">\n\t\t\t\t<div class=\"elementor-widget-container\">\n\t\t\t\t\t\t\t\t\t<p>As demais consultas de pr\u00e9 operat\u00f3rio n\u00e3o s\u00e3o cobradas. Normalmente s\u00e3o uma ou duas consultas antes da cirurgia em si.<\/p>\t\t\t\t\t\t\t\t<\/div>\n\t\t\t\t<\/div>\n\t\t\t\t<div class=\"elementor-element elementor-element-b3ce4de elementor-widget elementor-widget-text-editor\" data-id=\"b3ce4de\" data-element_type=\"widget\" data-e-type=\"widget\" data-widget_type=\"text-editor.default\">\n\t\t\t\t<div class=\"elementor-widget-container\">\n\t\t\t\t\t\t\t\t\t<p>Os objetivos de voltar ao consult\u00f3rio s\u00e3o:<\/p>\t\t\t\t\t\t\t\t<\/div>\n\t\t\t\t<\/div>\n\t\t\t\t<div class=\"elementor-element elementor-element-1516013 elementor-widget elementor-widget-text-editor\" data-id=\"1516013\" data-element_type=\"widget\" data-e-type=\"widget\" data-widget_type=\"text-editor.default\">\n\t\t\t\t<div class=\"elementor-widget-container\">\n\t\t\t\t\t\t\t\t\t<ol><li>Trazer o resultado dos exames pr\u00e9-operat\u00f3rios (ou pode enviar por email se morar longe)<\/li><li>Fazer as fotos do pr\u00e9-operat\u00f3rio<\/li><li>Assinar o termo de consentimento informado<\/li><li>Receber por escrito as orienta\u00e7\u00f5es pr\u00e9-operat\u00f3rias (jejum, data da cirurgia, endere\u00e7o do hospital, cuidados)<\/li><li>Tirar mais d\u00favidas que tenham aparecido depois da primeira consulta<\/li><\/ol>\t\t\t\t\t\t\t\t<\/div>\n\t\t\t\t<\/div>\n\t\t\t\t<div class=\"elementor-element elementor-element-6c45f96 elementor-widget elementor-widget-text-editor\" data-id=\"6c45f96\" data-element_type=\"widget\" data-e-type=\"widget\" data-widget_type=\"text-editor.default\">\n\t\t\t\t<div class=\"elementor-widget-container\">\n\t\t\t\t\t\t\t\t\t<p>Retornos de p\u00f3s-operat\u00f3rio<\/p>\t\t\t\t\t\t\t\t<\/div>\n\t\t\t\t<\/div>\n\t\t\t\t<div class=\"elementor-element elementor-element-3c63486 elementor-widget elementor-widget-text-editor\" data-id=\"3c63486\" data-element_type=\"widget\" data-e-type=\"widget\" data-widget_type=\"text-editor.default\">\n\t\t\t\t<div class=\"elementor-widget-container\">\n\t\t\t\t\t\t\t\t\t<p>As consultas de p\u00f3s operat\u00f3rios n\u00e3o s\u00e3o cobradas, estimulando assim que o paciente volte quantas vezes forem necess\u00e1rias. O primeiro retorno \u00e9 feito 4 dias ap\u00f3s a cirurgia pl\u00e1stica.<\/p>\t\t\t\t\t\t\t\t<\/div>\n\t\t\t\t<\/div>\n\t\t\t\t<div class=\"elementor-element elementor-element-3d0dab0 elementor-widget elementor-widget-text-editor\" data-id=\"3d0dab0\" data-element_type=\"widget\" data-e-type=\"widget\" data-widget_type=\"text-editor.default\">\n\t\t\t\t<div class=\"elementor-widget-container\">\n\t\t\t\t\t\t\t\t\t<p>O pr\u00f3prio Dr. Alexandre far\u00e1 a troca dos curativos. Caso necessite de drenagem linf\u00e1tica, esta poder\u00e1 ser come\u00e7ada neste dia. Demais retornos ser\u00e3o agendados com at\u00e9 a recupera\u00e7\u00e3o completa da paciente. Dependendo do porte da cirurgia, o Dr. Alexandre ver\u00e1 a paciente entre 5 e 10 vezes ao longo dos pr\u00f3ximos meses.<\/p>\t\t\t\t\t\t\t\t<\/div>\n\t\t\t\t<\/div>\n\t\t\t\t<div class=\"elementor-element elementor-element-3c361fe elementor-widget elementor-widget-text-editor\" data-id=\"3c361fe\" data-element_type=\"widget\" data-e-type=\"widget\" data-widget_type=\"text-editor.default\">\n\t\t\t\t<div class=\"elementor-widget-container\">\n\t\t\t\t\t\t\t\t\t<p>Os pontos s\u00e3o retirados entre 5 e 15 dias, dependendo do local da cirurgia pl\u00e1stica e do tipo de sutura utilizada. \u00c9 comum o Dr. Alexandre Char\u00e3o utilizar fios absorv\u00edveis, ou seja, que n\u00e3o precisam ser retirados, evitando assim o medo que alguns pacientes t\u00eam de retirar pontos.<\/p>\t\t\t\t\t\t\t\t<\/div>\n\t\t\t\t<\/div>\n\t\t\t\t<div class=\"elementor-element elementor-element-7a4fc67 elementor-widget elementor-widget-text-editor\" data-id=\"7a4fc67\" data-element_type=\"widget\" data-e-type=\"widget\" data-widget_type=\"text-editor.default\">\n\t\t\t\t<div class=\"elementor-widget-container\">\n\t\t\t\t\t\t\t\t\t<p>Dr. Alexandre Char\u00e3o atende na cidade do Rio de Janeiro e Petr\u00f3polis.<br \/>Para maiores informa\u00e7\u00f5es,<span style=\"text-decoration: underline;\">\u00a0<a href=\"https:\/\/api.whatsapp.com\/send?phone=5521978900414\" target=\"_blank\" rel=\"noopener\">entre em contato.<\/a><\/span><\/p>\t\t\t\t\t\t\t\t<\/div>\n\t\t\t\t<\/div>\n\t\t\t\t\t<\/div>\n\t\t\t\t<\/div>\n\t\t\t\t<\/div>","protected":false},"excerpt":{"rendered":"<p>QUEM SOMOS Dr. Alexandre Char\u00e3o \u2013 Cirurgi\u00e3o Pl\u00e1stico Cirurgi\u00e3o Pl\u00e1stico formado em 1997, o Dr. Alexandre Char\u00e3o trabalha no Rio de Janeiro sendo a cirurgia est\u00e9tica facial e corporal sua principal \u00e1rea de atua\u00e7\u00e3o. Sua cl\u00ednica oferecem uma estrutura completa tanto para o pr\u00e9 quanto para o p\u00f3s-operat\u00f3rio. As cirurgias s\u00e3o realizadas em hospitais homologados [&hellip;]<\/p>\n","protected":false},"author":2,"featured_media":0,"parent":0,"menu_order":0,"comment_status":"closed","ping_status":"closed","template":"","meta":{"footnotes":""},"class_list":["post-10","page","type-page","status-publish","hentry"],"_links":{"self":[{"href":"https:\/\/plasticrio.com\/en_us\/wp-json\/wp\/v2\/pages\/10","targetHints":{"allow":["GET"]}}],"collection":[{"href":"https:\/\/plasticrio.com\/en_us\/wp-json\/wp\/v2\/pages"}],"about":[{"href":"https:\/\/plasticrio.com\/en_us\/wp-json\/wp\/v2\/types\/page"}],"author":[{"embeddable":true,"href":"https:\/\/plasticrio.com\/en_us\/wp-json\/wp\/v2\/users\/2"}],"replies":[{"embeddable":true,"href":"https:\/\/plasticrio.com\/en_us\/wp-json\/wp\/v2\/comments?post=10"}],"version-history":[{"count":19,"href":"https:\/\/plasticrio.com\/en_us\/wp-json\/wp\/v2\/pages\/10\/revisions"}],"predecessor-version":[{"id":677,"href":"https:\/\/plasticrio.com\/en_us\/wp-json\/wp\/v2\/pages\/10\/revisions\/677"}],"wp:attachment":[{"href":"https:\/\/plasticrio.com\/en_us\/wp-json\/wp\/v2\/media?parent=10"}],"curies":[{"name":"wp","href":"https:\/\/api.w.org\/{rel}","templated":true}]}}